{"id":5300,"date":"2019-11-26T23:02:43","date_gmt":"2019-11-27T02:02:43","guid":{"rendered":"http:\/\/simone.art.br\/musicas\/amor-e-paixao\/"},"modified":"2024-07-17T12:33:55","modified_gmt":"2024-07-17T15:33:55","slug":"amor-e-paixao","status":"publish","type":"musicas","link":"https:\/\/simone.art.br\/es\/musicas\/amor-e-paixao\/","title":{"rendered":"Amor e Paix\u00e3o"},"content":{"rendered":"\n<p>Producido por Mazzola, este \u00e1lbum obtuvo un doble disco de Platino. El show de este \u00e1lbum, tuvo la temporada m\u00e1s larga de la carrera de Simone, con siete meses de presentaciones en R\u00edo de Janeiro.<\/p>\n","protected":false},"featured_media":7117,"template":"","meta":{"inline_featured_image":false,"footnotes":""},"categoria_de_musica":[89],"periodo":[92],"class_list":["post-5300","musicas","type-musicas","status-publish","has-post-thumbnail","hentry","categoria_de_musica-album-es","periodo-anos-80-es"],"yoast_head":"<!-- This site is optimized with the Yoast SEO plugin v27.5 - https:\/\/yoast.com\/product\/yoast-seo-wordpress\/ -->\n<title>Amor e Paix\u00e3o - Simone | Site Oficial<\/title>\n<meta name=\"robots\" content=\"index, follow, max-snippet:-1, max-image-preview:large, max-video-preview:-1\" \/>\n<link rel=\"canonical\" href=\"https:\/\/simone.art.br\/es\/musicas\/amor-e-paixao\/\" \/>\n<meta property=\"og:locale\" content=\"es_ES\" \/>\n<meta property=\"og:type\" content=\"article\" \/>\n<meta property=\"og:title\" content=\"Amor e Paix\u00e3o - Simone | Site Oficial\" \/>\n<meta property=\"og:description\" content=\"Producido por Mazzola, este \u00e1lbum obtuvo un doble disco de Platino. El show de este \u00e1lbum, tuvo la temporada m\u00e1s larga de la carrera de Simone, con siete meses de presentaciones en R\u00edo de Janeiro.\" \/>\n<meta property=\"og:url\" content=\"https:\/\/simone.art.br\/es\/musicas\/amor-e-paixao\/\" \/>\n<meta property=\"og:site_name\" content=\"Simone | Site Oficial\" \/>\n<meta property=\"article:modified_time\" content=\"2024-07-17T15:33:55+00:00\" \/>\n<meta property=\"og:image\" content=\"http:\/\/simone.art.br\/wp-content\/uploads\/2019\/11\/Screenshot_20231217_203346_YouTube.jpg\" \/>\n\t<meta property=\"og:image:width\" content=\"1068\" \/>\n\t<meta property=\"og:image:height\" content=\"1073\" \/>\n\t<meta property=\"og:image:type\" content=\"image\/jpeg\" \/>\n<meta name=\"twitter:card\" content=\"summary_large_image\" \/>\n<meta name=\"twitter:label1\" content=\"Tiempo de lectura\" \/>\n\t<meta name=\"twitter:data1\" content=\"1 minuto\" \/>\n<script type=\"application\/ld+json\" class=\"yoast-schema-graph\">{\"@context\":\"https:\\\/\\\/schema.org\",\"@graph\":[{\"@type\":\"WebPage\",\"@id\":\"https:\\\/\\\/simone.art.br\\\/es\\\/musicas\\\/amor-e-paixao\\\/\",\"url\":\"https:\\\/\\\/simone.art.br\\\/es\\\/musicas\\\/amor-e-paixao\\\/\",\"name\":\"Amor e Paix\u00e3o - Simone | Site Oficial\",\"isPartOf\":{\"@id\":\"https:\\\/\\\/simone.art.br\\\/es\\\/#website\"},\"primaryImageOfPage\":{\"@id\":\"https:\\\/\\\/simone.art.br\\\/es\\\/musicas\\\/amor-e-paixao\\\/#primaryimage\"},\"image\":{\"@id\":\"https:\\\/\\\/simone.art.br\\\/es\\\/musicas\\\/amor-e-paixao\\\/#primaryimage\"},\"thumbnailUrl\":\"https:\\\/\\\/simone.art.br\\\/wp-content\\\/uploads\\\/2019\\\/11\\\/Screenshot_20231217_203346_YouTube.jpg\",\"datePublished\":\"2019-11-27T02:02:43+00:00\",\"dateModified\":\"2024-07-17T15:33:55+00:00\",\"breadcrumb\":{\"@id\":\"https:\\\/\\\/simone.art.br\\\/es\\\/musicas\\\/amor-e-paixao\\\/#breadcrumb\"},\"inLanguage\":\"es\",\"potentialAction\":[{\"@type\":\"ReadAction\",\"target\":[\"https:\\\/\\\/simone.art.br\\\/es\\\/musicas\\\/amor-e-paixao\\\/\"]}]},{\"@type\":\"ImageObject\",\"inLanguage\":\"es\",\"@id\":\"https:\\\/\\\/simone.art.br\\\/es\\\/musicas\\\/amor-e-paixao\\\/#primaryimage\",\"url\":\"https:\\\/\\\/simone.art.br\\\/wp-content\\\/uploads\\\/2019\\\/11\\\/Screenshot_20231217_203346_YouTube.jpg\",\"contentUrl\":\"https:\\\/\\\/simone.art.br\\\/wp-content\\\/uploads\\\/2019\\\/11\\\/Screenshot_20231217_203346_YouTube.jpg\",\"width\":1068,\"height\":1073},{\"@type\":\"BreadcrumbList\",\"@id\":\"https:\\\/\\\/simone.art.br\\\/es\\\/musicas\\\/amor-e-paixao\\\/#breadcrumb\",\"itemListElement\":[{\"@type\":\"ListItem\",\"position\":1,\"name\":\"In\u00edcio\",\"item\":\"https:\\\/\\\/simone.art.br\\\/es\\\/\"},{\"@type\":\"ListItem\",\"position\":2,\"name\":\"M\u00fasicas\",\"item\":\"https:\\\/\\\/simone.art.br\\\/es\\\/musicas\\\/\"},{\"@type\":\"ListItem\",\"position\":3,\"name\":\"Amor e Paix\u00e3o\"}]},{\"@type\":\"WebSite\",\"@id\":\"https:\\\/\\\/simone.art.br\\\/es\\\/#website\",\"url\":\"https:\\\/\\\/simone.art.br\\\/es\\\/\",\"name\":\"Simone | Site Oficial\",\"description\":\"O voo da Cigarra, da inf\u00e2ncia musical aos palcos do mundo!\",\"potentialAction\":[{\"@type\":\"SearchAction\",\"target\":{\"@type\":\"EntryPoint\",\"urlTemplate\":\"https:\\\/\\\/simone.art.br\\\/es\\\/?s={search_term_string}\"},\"query-input\":{\"@type\":\"PropertyValueSpecification\",\"valueRequired\":true,\"valueName\":\"search_term_string\"}}],\"inLanguage\":\"es\"}]}<\/script>\n<!-- \/ Yoast SEO plugin. -->","yoast_head_json":{"title":"Amor e Paix\u00e3o - Simone | Site Oficial","robots":{"index":"index","follow":"follow","max-snippet":"max-snippet:-1","max-image-preview":"max-image-preview:large","max-video-preview":"max-video-preview:-1"},"canonical":"https:\/\/simone.art.br\/es\/musicas\/amor-e-paixao\/","og_locale":"es_ES","og_type":"article","og_title":"Amor e Paix\u00e3o - Simone | Site Oficial","og_description":"Producido por Mazzola, este \u00e1lbum obtuvo un doble disco de Platino. El show de este \u00e1lbum, tuvo la temporada m\u00e1s larga de la carrera de Simone, con siete meses de presentaciones en R\u00edo de Janeiro.","og_url":"https:\/\/simone.art.br\/es\/musicas\/amor-e-paixao\/","og_site_name":"Simone | Site Oficial","article_modified_time":"2024-07-17T15:33:55+00:00","og_image":[{"width":1068,"height":1073,"url":"http:\/\/simone.art.br\/wp-content\/uploads\/2019\/11\/Screenshot_20231217_203346_YouTube.jpg","type":"image\/jpeg"}],"twitter_card":"summary_large_image","twitter_misc":{"Tiempo de lectura":"1 minuto"},"schema":{"@context":"https:\/\/schema.org","@graph":[{"@type":"WebPage","@id":"https:\/\/simone.art.br\/es\/musicas\/amor-e-paixao\/","url":"https:\/\/simone.art.br\/es\/musicas\/amor-e-paixao\/","name":"Amor e Paix\u00e3o - Simone | Site Oficial","isPartOf":{"@id":"https:\/\/simone.art.br\/es\/#website"},"primaryImageOfPage":{"@id":"https:\/\/simone.art.br\/es\/musicas\/amor-e-paixao\/#primaryimage"},"image":{"@id":"https:\/\/simone.art.br\/es\/musicas\/amor-e-paixao\/#primaryimage"},"thumbnailUrl":"https:\/\/simone.art.br\/wp-content\/uploads\/2019\/11\/Screenshot_20231217_203346_YouTube.jpg","datePublished":"2019-11-27T02:02:43+00:00","dateModified":"2024-07-17T15:33:55+00:00","breadcrumb":{"@id":"https:\/\/simone.art.br\/es\/musicas\/amor-e-paixao\/#breadcrumb"},"inLanguage":"es","potentialAction":[{"@type":"ReadAction","target":["https:\/\/simone.art.br\/es\/musicas\/amor-e-paixao\/"]}]},{"@type":"ImageObject","inLanguage":"es","@id":"https:\/\/simone.art.br\/es\/musicas\/amor-e-paixao\/#primaryimage","url":"https:\/\/simone.art.br\/wp-content\/uploads\/2019\/11\/Screenshot_20231217_203346_YouTube.jpg","contentUrl":"https:\/\/simone.art.br\/wp-content\/uploads\/2019\/11\/Screenshot_20231217_203346_YouTube.jpg","width":1068,"height":1073},{"@type":"BreadcrumbList","@id":"https:\/\/simone.art.br\/es\/musicas\/amor-e-paixao\/#breadcrumb","itemListElement":[{"@type":"ListItem","position":1,"name":"In\u00edcio","item":"https:\/\/simone.art.br\/es\/"},{"@type":"ListItem","position":2,"name":"M\u00fasicas","item":"https:\/\/simone.art.br\/es\/musicas\/"},{"@type":"ListItem","position":3,"name":"Amor e Paix\u00e3o"}]},{"@type":"WebSite","@id":"https:\/\/simone.art.br\/es\/#website","url":"https:\/\/simone.art.br\/es\/","name":"Simone | Site Oficial","description":"O voo da Cigarra, da inf\u00e2ncia musical aos palcos do mundo!","potentialAction":[{"@type":"SearchAction","target":{"@type":"EntryPoint","urlTemplate":"https:\/\/simone.art.br\/es\/?s={search_term_string}"},"query-input":{"@type":"PropertyValueSpecification","valueRequired":true,"valueName":"search_term_string"}}],"inLanguage":"es"}]}},"_links":{"self":[{"href":"https:\/\/simone.art.br\/es\/wp-json\/wp\/v2\/musicas\/5300","targetHints":{"allow":["GET"]}}],"collection":[{"href":"https:\/\/simone.art.br\/es\/wp-json\/wp\/v2\/musicas"}],"about":[{"href":"https:\/\/simone.art.br\/es\/wp-json\/wp\/v2\/types\/musicas"}],"version-history":[{"count":2,"href":"https:\/\/simone.art.br\/es\/wp-json\/wp\/v2\/musicas\/5300\/revisions"}],"predecessor-version":[{"id":5303,"href":"https:\/\/simone.art.br\/es\/wp-json\/wp\/v2\/musicas\/5300\/revisions\/5303"}],"wp:featuredmedia":[{"embeddable":true,"href":"https:\/\/simone.art.br\/es\/wp-json\/wp\/v2\/media\/7117"}],"wp:attachment":[{"href":"https:\/\/simone.art.br\/es\/wp-json\/wp\/v2\/media?parent=5300"}],"wp:term":[{"taxonomy":"categoria_de_musica","embeddable":true,"href":"https:\/\/simone.art.br\/es\/wp-json\/wp\/v2\/categoria_de_musica?post=5300"},{"taxonomy":"periodo","embeddable":true,"href":"https:\/\/simone.art.br\/es\/wp-json\/wp\/v2\/periodo?post=5300"}],"curies":[{"name":"wp","href":"https:\/\/api.w.org\/{rel}","templated":true}]}}